{"id":527,"date":"2023-11-04T14:11:10","date_gmt":"2023-11-04T14:11:10","guid":{"rendered":"https:\/\/sueddeutschlandcup.de\/?page_id=527"},"modified":"2026-04-28T12:31:54","modified_gmt":"2026-04-28T12:31:54","slug":"willkommen-zum-sueddeutschland-cup-2024","status":"publish","type":"page","link":"https:\/\/sueddeutschlandcup.de\/","title":{"rendered":"Willkommen zum S\u00fcddeutschland-Cup 2026!"},"content":{"rendered":"\n<figure class=\"wp-block-image size-full is-resized\"><img loading=\"lazy\" decoding=\"async\" width=\"800\" height=\"236\" src=\"https:\/\/sueddeutschlandcup.de\/wp-content\/uploads\/2025\/05\/Banner-Homepage-2025-original.png\" alt=\"\" class=\"wp-image-1237\" style=\"aspect-ratio:3.390728476821192;width:1173px;height:auto\" srcset=\"https:\/\/sueddeutschlandcup.de\/wp-content\/uploads\/2025\/05\/Banner-Homepage-2025-original.png 800w, https:\/\/sueddeutschlandcup.de\/wp-content\/uploads\/2025\/05\/Banner-Homepage-2025-original-300x89.png 300w, https:\/\/sueddeutschlandcup.de\/wp-content\/uploads\/2025\/05\/Banner-Homepage-2025-original-768x227.png 768w\" sizes=\"(max-width: 800px) 100vw, 800px\" \/><\/figure>\n\n\n\n<p><\/p>\n\n\n\n<p class=\"has-text-align-center\" style=\"padding-top:var(--wp--preset--spacing--20);padding-bottom:var(--wp--preset--spacing--20);font-size:18px\">Auf diesen Seiten findet Ihr alle Informationen zum Buggy &amp; Truggy Off-Road Verbrenner- und Elektroautomobilrennsport S\u00fcddeutschland, im Ma\u00dfstab 1:8. <\/p>\n\n\n\n<p class=\"has-text-align-center\" style=\"padding-top:var(--wp--preset--spacing--20);padding-bottom:var(--wp--preset--spacing--20);font-size:18px\">\u00dcber die SK L\u00e4ufe (SK = Sportkreismeisterschaft) bekommst Du die Zulassung zur DM (Deutschen Meisterschaft). \u00dcber diese gelangst Du zur Euro (Europameisterschaft) und dar\u00fcber zur WM (Weltmeisterschaft<o-anim-typing>)<\/o-anim-typing>.<\/p>\n\n\n\n<p class=\"has-text-align-center\">Weitere Abk\u00fcrzungen: OR8 = Buggy Off Road 1:8 \/ ORE8 = Buggy Off Road Elektro 1:8 \/ ORT = Off Road Truggy 1:8 \/ ORET Off Road Truggy Elektro 1:8<\/p>\n\n\n\n<div style=\"height:32px\" aria-hidden=\"true\" class=\"wp-block-spacer\"><\/div>\n\n\n<div style=\"display:none;\" class=\"counter-box-3\"><p style=\"text-align: center\"><span style=\"font-family: helvetica, arial, sans-serif\"><span style=\"font-size: 14pt\">Der Countdown l\u00e4uft: In <b>{day}<\/b> Tagen, also am <strong>18.<\/strong> und <strong>19. April 2026,<\/strong> startet beim <strong>MSC Osterhofen e.V.<\/strong> das erste Rennen des <strong>S\u00fcddeutschland-Cups 2026!<\/strong> &#x1f3c1;<\/span><\/span><\/p><\/div>\n\n\n\n<div style=\"height:32px\" aria-hidden=\"true\" class=\"wp-block-spacer\"><\/div>\n\n\n\n<h2 class=\"wp-block-heading has-text-align-center has-nv-site-bg-color has-text-color has-background has-large-font-size\" style=\"background-color:#505050;padding-top:var(--wp--preset--spacing--60);padding-right:var(--wp--preset--spacing--20);padding-bottom:var(--wp--preset--spacing--60);padding-left:var(--wp--preset--spacing--20);font-style:normal;font-weight:300\">NEWS F\u00dcR die Saison 2026<\/h2>\n\n\n<div class=\"is-style-boxed wp-block-themeisle-blocks-posts-grid\" id=\"wp-block-themeisle-blocks-posts-grid-158b8a06\"><div class=\"is-grid o-posts-grid-columns-1\"><div class=\"o-posts-grid-post-blog o-posts-grid-post-plain\"><div class=\"o-posts-grid-post\"><div class=\"o-posts-grid-post-image\"><a href=\"https:\/\/sueddeutschlandcup.de\/index.php\/2026\/04\/16\/neu-in-der-saison-2026-der-sueddeutschland-cup-geht-live\/\"><img loading=\"lazy\" decoding=\"async\" width=\"1376\" height=\"768\" src=\"https:\/\/sueddeutschlandcup.de\/wp-content\/uploads\/2026\/04\/Livestream_news_header_web.jpg\" class=\"attachment-full size-full\" alt=\"Neu in der Saison 2026: Der S\u00fcddeutschland Cup geht live!\" srcset=\"https:\/\/sueddeutschlandcup.de\/wp-content\/uploads\/2026\/04\/Livestream_news_header_web.jpg 1376w, https:\/\/sueddeutschlandcup.de\/wp-content\/uploads\/2026\/04\/Livestream_news_header_web-300x167.jpg 300w, https:\/\/sueddeutschlandcup.de\/wp-content\/uploads\/2026\/04\/Livestream_news_header_web-1024x572.jpg 1024w, https:\/\/sueddeutschlandcup.de\/wp-content\/uploads\/2026\/04\/Livestream_news_header_web-768x429.jpg 768w\" sizes=\"(max-width: 1376px) 100vw, 1376px\" \/><\/a><\/div><div class=\"o-posts-grid-post-body\"><span class=\"o-posts-grid-post-category\"><a href=\"https:\/\/sueddeutschlandcup.de\/index.php\/category\/news\/\">NEWS<\/a><\/span><h4 class=\"o-posts-grid-post-title\"><a href=\"https:\/\/sueddeutschlandcup.de\/index.php\/2026\/04\/16\/neu-in-der-saison-2026-der-sueddeutschland-cup-geht-live\/\">Neu in der Saison 2026: Der S\u00fcddeutschland Cup geht live!<\/a><\/h4><p class=\"o-posts-grid-post-meta\">Posted on <time datetime=\"2026-04-16T19:09:41+00:00\">April 16, 2026<\/time> <\/p><div class=\"o-posts-grid-post-description\"><p>Wir haben gro\u00dfartige Neuigkeiten f\u00fcr alle Fahrer, Fans und Unterst\u00fctzer: Erstmalig bieten wir beim S\u2026<\/p><\/div><\/div><\/div><\/div><\/div> <\/div>\n\n\n<div style=\"height:32px\" aria-hidden=\"true\" class=\"wp-block-spacer\"><\/div>\n\n\n\n<h2 class=\"wp-block-heading has-text-align-center has-nv-site-bg-color has-text-color has-background has-large-font-size\" style=\"background-color:#505050;padding-top:var(--wp--preset--spacing--60);padding-right:var(--wp--preset--spacing--20);padding-bottom:var(--wp--preset--spacing--60);padding-left:var(--wp--preset--spacing--20);font-style:normal;font-weight:300\">teilnehmende Vereine f\u00fcr die Saison 2026<\/h2>\n\n\n\n<div class=\"wp-block-columns is-layout-flex wp-container-core-columns-is-layout-9d6595d7 wp-block-columns-is-layout-flex\">\n<div class=\"wp-block-column is-layout-flow wp-block-column-is-layout-flow\">\n<h3 class=\"wp-block-heading\" style=\"font-size:22px\"><strong>MSC Osterhofen<\/strong> <strong>e.v.<\/strong><\/h3>\n\n\n\n<ul class=\"wp-block-list\">\n<li>OR8 Expert<\/li>\n\n\n\n<li>OR8 Hobby<\/li>\n\n\n\n<li>ORE8<\/li>\n\n\n\n<li>ORT<\/li>\n\n\n\n<li>ORET<\/li>\n<\/ul>\n\n\n\n<figure class=\"wp-block-image size-full\"><img loading=\"lazy\" decoding=\"async\" width=\"720\" height=\"405\" src=\"https:\/\/sueddeutschlandcup.de\/wp-content\/uploads\/2026\/01\/Folie1.png\" alt=\"\" class=\"wp-image-1584\" style=\"aspect-ratio:16\/9;object-fit:contain\" srcset=\"https:\/\/sueddeutschlandcup.de\/wp-content\/uploads\/2026\/01\/Folie1.png 720w, https:\/\/sueddeutschlandcup.de\/wp-content\/uploads\/2026\/01\/Folie1-300x169.png 300w\" sizes=\"(max-width: 720px) 100vw, 720px\" \/><\/figure>\n\n\n\n<div style=\"height:16px\" aria-hidden=\"true\" class=\"wp-block-spacer\"><\/div>\n\n\n\n<div class=\"wp-block-buttons is-layout-flex wp-block-buttons-is-layout-flex\">\n<div class=\"wp-block-button has-custom-width wp-block-button__width-100\"><a class=\"wp-block-button__link has-luminous-vivid-amber-to-luminous-vivid-orange-gradient-background has-background wp-element-button\" href=\"https:\/\/sueddeutschlandcup.de\/wp-content\/uploads\/2026\/03\/Osterhofen-SDC.pdf\" target=\"_blank\" rel=\"noreferrer noopener\">Ausschreibung<\/a><\/div>\n\n\n\n<div class=\"wp-block-button has-custom-width wp-block-button__width-100\"><a class=\"wp-block-button__link has-luminous-vivid-amber-to-luminous-vivid-orange-gradient-background has-background wp-element-button\" href=\"https:\/\/www.myrcm.ch\/myrcm\/main?pLa=de&amp;dFi=osterhofen&amp;dId[E]=95666&amp;hId[1]=search\" target=\"_blank\" rel=\"noreferrer noopener\">MyRCM Event\u00fcbersicht<\/a><\/div>\n\n\n\n<div class=\"wp-block-button has-custom-width wp-block-button__width-100\"><a class=\"wp-block-button__link has-luminous-vivid-amber-to-luminous-vivid-orange-gradient-background has-background wp-element-button\" href=\"https:\/\/www.myrcm.ch\/myrcm\/main?hId%5B1%5D=bkg&amp;dId%5BE%5D=95666&amp;pLa=de\" target=\"_blank\" rel=\"noreferrer noopener\">Nennung<\/a><\/div>\n\n\n\n<div class=\"wp-block-button has-custom-width wp-block-button__width-100\"><a class=\"wp-block-button__link has-luminous-vivid-amber-to-luminous-vivid-orange-gradient-background has-background wp-element-button\" href=\"https:\/\/www.myrcm.ch\/myrcm\/main?hId[1]=bkg&amp;dId[E]=95666&amp;dLt=reg&amp;pLa=de&amp;lType=rList\" target=\"_blank\" rel=\"noreferrer noopener\">Nennlisten<\/a><\/div>\n\n\n\n<div class=\"wp-block-button has-custom-width wp-block-button__width-100\"><a class=\"wp-block-button__link has-luminous-vivid-amber-to-luminous-vivid-orange-gradient-background has-background wp-element-button\" href=\"https:\/\/www.youtube.com\/watch?v=9WMR9rIkv7c\" target=\"_blank\" rel=\"noreferrer noopener\">Livestreaming Samstag<\/a><\/div>\n\n\n\n<div class=\"wp-block-button has-custom-width wp-block-button__width-100\"><a class=\"wp-block-button__link has-luminous-vivid-amber-to-luminous-vivid-orange-gradient-background has-background wp-element-button\" href=\"https:\/\/www.youtube.com\/watch?v=mIulyKlDazo\" target=\"_blank\" rel=\"noreferrer noopener\">Livestreaming Sonntag<\/a><\/div>\n\n\n\n<div class=\"wp-block-button has-custom-width wp-block-button__width-100\"><a class=\"wp-block-button__link has-luminous-vivid-amber-to-luminous-vivid-orange-gradient-background has-background wp-element-button\" href=\"https:\/\/sueddeutschlandcup.de\/index.php\/ergebnisse-msc-osterhofen-e-v-2\/\">Ergebnisse<\/a><\/div>\n\n\n\n<div class=\"wp-block-button has-custom-width wp-block-button__width-100\"><a class=\"wp-block-button__link has-luminous-vivid-amber-to-luminous-vivid-orange-gradient-background has-background wp-element-button\" href=\"https:\/\/www.facebook.com\/MSCOsterhofen\/?locale=de_DE&amp;ref=1\" target=\"_blank\" rel=\"noreferrer noopener\">Webseite des Vereins<\/a><\/div>\n\n\n\n<div class=\"wp-block-button has-custom-width wp-block-button__width-100\"><a class=\"wp-block-button__link has-luminous-vivid-amber-to-luminous-vivid-orange-gradient-background has-background wp-element-button\" href=\"https:\/\/www.google.com\/maps\/place\/MSC+Osterhofen\/@48.706405,13.0344733,1016m\/data=!3m2!1e3!4b1!4m16!1m9!4m8!1m0!1m6!1m2!1s0x4775056a178f866b:0x42dec5d53fe91faf!2s94486+Osterhofen!2m2!1d13.0370536!2d48.7064015!3m5!1s0x4775056a178f866b:0x42dec5d53fe91faf!8m2!3d48.7064015!4d13.0370536!16s%2Fg%2F11g4cxl8rw!5m1!1e4?entry=ttu&amp;g_ep=EgoyMDI0MTAyOS4wIKXMDSoASAFQAw%3D%3D\" target=\"_blank\" rel=\"noreferrer noopener\">Anfahrtsbeschreibung<\/a><\/div>\n<\/div>\n\n\n\n<hr class=\"wp-block-separator has-alpha-channel-opacity\"\/>\n<\/div>\n\n\n\n<div class=\"wp-block-column is-layout-flow wp-block-column-is-layout-flow\">\n<h3 class=\"wp-block-heading\" style=\"font-size:22px\"><strong>MSC SAND 1951 E.V.<\/strong><\/h3>\n\n\n\n<ul class=\"wp-block-list\">\n<li>OR8 Expert<\/li>\n\n\n\n<li>OR8 Hobby<\/li>\n\n\n\n<li>ORE8<\/li>\n\n\n\n<li style=\"font-size:16px\">ORT<\/li>\n\n\n\n<li style=\"font-size:16px\">ORET<\/li>\n<\/ul>\n\n\n\n<figure class=\"wp-block-image size-full\"><img loading=\"lazy\" decoding=\"async\" width=\"720\" height=\"405\" src=\"https:\/\/sueddeutschlandcup.de\/wp-content\/uploads\/2026\/01\/Folie2.png\" alt=\"\" class=\"wp-image-1585\" style=\"aspect-ratio:16\/9;object-fit:contain\" srcset=\"https:\/\/sueddeutschlandcup.de\/wp-content\/uploads\/2026\/01\/Folie2.png 720w, https:\/\/sueddeutschlandcup.de\/wp-content\/uploads\/2026\/01\/Folie2-300x169.png 300w\" sizes=\"(max-width: 720px) 100vw, 720px\" \/><\/figure>\n\n\n\n<div style=\"height:16px\" aria-hidden=\"true\" class=\"wp-block-spacer\"><\/div>\n\n\n\n<div class=\"wp-block-buttons is-layout-flex wp-block-buttons-is-layout-flex\">\n<div class=\"wp-block-button has-custom-width wp-block-button__width-100\"><a class=\"wp-block-button__link has-luminous-vivid-amber-to-luminous-vivid-orange-gradient-background has-background wp-element-button\" href=\"https:\/\/sueddeutschlandcup.de\/wp-content\/uploads\/2026\/04\/Ausschreibung-Sand-am-Main-SDC-2026.pdf\" target=\"_blank\" rel=\"noreferrer noopener\">Ausschreibung<\/a><\/div>\n\n\n\n<div class=\"wp-block-button has-custom-width wp-block-button__width-100 is-style-default\"><a class=\"wp-block-button__link has-luminous-vivid-amber-to-luminous-vivid-orange-gradient-background has-background wp-element-button\" href=\"https:\/\/www.myrcm.ch\/myrcm\/main?pLa=de&amp;dFi=sand&amp;dId%5BE%5D=96156&amp;hId%5B1%5D=search\" target=\"_blank\" rel=\"noreferrer noopener\">MyRCM Event\u00fcbersicht<\/a><\/div>\n\n\n\n<div class=\"wp-block-button has-custom-width wp-block-button__width-100\"><a class=\"wp-block-button__link has-luminous-vivid-amber-to-luminous-vivid-orange-gradient-background has-background wp-element-button\" href=\"https:\/\/www.myrcm.ch\/myrcm\/main?hId%5B1%5D=bkg&amp;&amp;dId%5BE%5D=96156\" target=\"_blank\" rel=\"noreferrer noopener\">Nennung<\/a><\/div>\n\n\n\n<div class=\"wp-block-button has-custom-width wp-block-button__width-100\"><a class=\"wp-block-button__link has-luminous-vivid-amber-to-luminous-vivid-orange-gradient-background has-background wp-element-button\" href=\"https:\/\/www.myrcm.ch\/myrcm\/main?hId%5B1%5D=bkg&amp;dId%5BE%5D=96156&amp;dLt=reg&amp;pLa=de&amp;lType=rList\" target=\"_blank\" rel=\"noreferrer noopener\">Nennlisten<\/a><\/div>\n\n\n\n<div class=\"wp-block-button has-custom-width wp-block-button__width-100\"><a class=\"wp-block-button__link has-background wp-element-button\" style=\"background-color:#505050\">Livestreaming Samstag<\/a><\/div>\n\n\n\n<div class=\"wp-block-button has-custom-width wp-block-button__width-100\"><a class=\"wp-block-button__link has-background wp-element-button\" style=\"background-color:#505050\">Livestreaming Sonntag<\/a><\/div>\n\n\n\n<div class=\"wp-block-button has-custom-width wp-block-button__width-100\"><a class=\"wp-block-button__link has-background wp-element-button\" style=\"background-color:#505050\">Ergebnisse<\/a><\/div>\n\n\n\n<div class=\"wp-block-button has-custom-width wp-block-button__width-100\"><a class=\"wp-block-button__link has-luminous-vivid-amber-to-luminous-vivid-orange-gradient-background has-background wp-element-button\" href=\"https:\/\/www.facebook.com\/profile.php?id=100064872603509\" target=\"_blank\" rel=\"noreferrer noopener\">Webseite des Vereins<\/a><\/div>\n\n\n\n<div class=\"wp-block-button has-custom-width wp-block-button__width-100\"><a class=\"wp-block-button__link has-luminous-vivid-amber-to-luminous-vivid-orange-gradient-background has-background wp-element-button\" href=\"https:\/\/www.google.com\/maps\/place\/MSC+Sand+1951+e.V.\/@49.9756274,10.580322,289m\/data=!3m1!1e3!4m6!3m5!1s0x47a24761f53b1b19:0x78e48b0f5e58132!8m2!3d49.9754756!4d10.5808079!16s%2Fg%2F11h1g6frrg?entry=ttu\" target=\"_blank\" rel=\"noreferrer noopener\">Anfahrtsbeschreibung<\/a><\/div>\n<\/div>\n\n\n\n<hr class=\"wp-block-separator has-alpha-channel-opacity\"\/>\n<\/div>\n\n\n\n<div class=\"wp-block-column is-layout-flow wp-block-column-is-layout-flow\">\n<h3 class=\"wp-block-heading\" style=\"font-size:22px\"><strong>LA Speedway Racing club e.v.<\/strong><\/h3>\n\n\n\n<ul class=\"wp-block-list\">\n<li>OR8 Expert<\/li>\n\n\n\n<li>OR8 Hobby<\/li>\n\n\n\n<li>ORE8<\/li>\n\n\n\n<li>ORT<\/li>\n\n\n\n<li>ORET<\/li>\n<\/ul>\n\n\n\n<figure class=\"wp-block-image size-full\"><img loading=\"lazy\" decoding=\"async\" width=\"720\" height=\"405\" src=\"https:\/\/sueddeutschlandcup.de\/wp-content\/uploads\/2026\/01\/Folie3.png\" alt=\"\" class=\"wp-image-1587\" style=\"aspect-ratio:16\/9;object-fit:contain\" srcset=\"https:\/\/sueddeutschlandcup.de\/wp-content\/uploads\/2026\/01\/Folie3.png 720w, https:\/\/sueddeutschlandcup.de\/wp-content\/uploads\/2026\/01\/Folie3-300x169.png 300w\" sizes=\"(max-width: 720px) 100vw, 720px\" \/><\/figure>\n\n\n\n<div style=\"height:16px\" aria-hidden=\"true\" class=\"wp-block-spacer\"><\/div>\n\n\n\n<div class=\"wp-block-buttons is-layout-flex wp-block-buttons-is-layout-flex\">\n<div class=\"wp-block-button has-custom-width wp-block-button__width-100\"><a class=\"wp-block-button__link has-luminous-vivid-amber-to-luminous-vivid-orange-gradient-background has-background wp-element-button\" href=\"https:\/\/sueddeutschlandcup.de\/wp-content\/uploads\/2026\/04\/Ausschreibung-LA-Speedway-SDC-2026.pdf\" target=\"_blank\" rel=\"noreferrer noopener\">Ausschreibung<\/a><\/div>\n\n\n\n<div class=\"wp-block-button has-custom-width wp-block-button__width-100\"><a class=\"wp-block-button__link has-luminous-vivid-amber-to-luminous-vivid-orange-gradient-background has-background wp-element-button\" href=\"https:\/\/www.myrcm.ch\/myrcm\/main?dId%5BO%5D=52798&amp;pLa=de&amp;dId%5BE%5D=96758&amp;tId=E&amp;hId%5B1%5D=org\" target=\"_blank\" rel=\"noreferrer noopener\">MyRCM Event\u00fcbersicht<\/a><\/div>\n\n\n\n<div class=\"wp-block-button has-custom-width wp-block-button__width-100\"><a class=\"wp-block-button__link has-luminous-vivid-amber-to-luminous-vivid-orange-gradient-background has-background wp-element-button\" href=\"https:\/\/www.myrcm.ch\/myrcm\/main?hId%5B1%5D=bkg&amp;&amp;dId%5BE%5D=96758\" target=\"_blank\" rel=\"noreferrer noopener\">Nennung<\/a><\/div>\n\n\n\n<div class=\"wp-block-button has-custom-width wp-block-button__width-100\"><a class=\"wp-block-button__link has-luminous-vivid-amber-to-luminous-vivid-orange-gradient-background has-background wp-element-button\">Nennlisten<\/a><\/div>\n\n\n\n<div class=\"wp-block-button has-custom-width wp-block-button__width-100\"><a class=\"wp-block-button__link has-background wp-element-button\" style=\"background-color:#505050\">Livestreaming Samstag<\/a><\/div>\n\n\n\n<div class=\"wp-block-button has-custom-width wp-block-button__width-100\"><a class=\"wp-block-button__link has-background wp-element-button\" style=\"background-color:#505050\">Livestreaming Sonntag<\/a><\/div>\n\n\n\n<div class=\"wp-block-button has-custom-width wp-block-button__width-100\"><a class=\"wp-block-button__link has-background wp-element-button\" style=\"background-color:#505050\">Ergebnisse<\/a><\/div>\n\n\n\n<div class=\"wp-block-button has-custom-width wp-block-button__width-100\"><a class=\"wp-block-button__link has-luminous-vivid-amber-to-luminous-vivid-orange-gradient-background has-background wp-element-button\" href=\"https:\/\/laspeedway.de\" target=\"_blank\" rel=\"noreferrer noopener\">Webseite des Vereins<\/a><\/div>\n\n\n\n<div class=\"wp-block-button has-custom-width wp-block-button__width-100\"><a class=\"wp-block-button__link has-luminous-vivid-amber-to-luminous-vivid-orange-gradient-background has-background wp-element-button\" href=\"https:\/\/www.google.de\/maps\/place\/LA+Speedway+Racing+Club+e.V.\/@48.513016,12.0406205,17z\/data=!4m6!3m5!1s0x479e24c6e7bedf8b:0x644551a7cfaa012a!8m2!3d48.5133251!4d12.0442404!16s%2Fg%2F11gg_rhr9v?entry=ttu&amp;g_ep=EgoyMDI0MTAxNC4wIKXMDSoASAFQAw%3D%3D\" target=\"_blank\" rel=\"noreferrer noopener\">Anfahrtsbeschreibung<\/a><\/div>\n<\/div>\n\n\n\n<hr class=\"wp-block-separator has-alpha-channel-opacity\"\/>\n<\/div>\n<\/div>\n\n\n\n<div class=\"wp-block-group\"><div class=\"wp-block-group__inner-container is-layout-constrained wp-block-group-is-layout-constrained\">\n<div class=\"wp-block-columns is-layout-flex wp-container-core-columns-is-layout-9d6595d7 wp-block-columns-is-layout-flex\">\n<div class=\"wp-block-column is-layout-flow wp-block-column-is-layout-flow\">\n<h3 class=\"wp-block-heading\" style=\"font-size:22px\"><strong>MC WELDEN E. V. \u2013 FUCHSTALRING<\/strong><\/h3>\n\n\n\n<ul class=\"wp-block-list\">\n<li>OR8 Expert<\/li>\n\n\n\n<li>OR8 Hobby<\/li>\n\n\n\n<li>ORE8<\/li>\n\n\n\n<li>ORT<\/li>\n\n\n\n<li>ORET<\/li>\n<\/ul>\n\n\n\n<figure class=\"wp-block-image size-full is-style-default\"><img loading=\"lazy\" decoding=\"async\" width=\"720\" height=\"405\" src=\"https:\/\/sueddeutschlandcup.de\/wp-content\/uploads\/2026\/01\/Folie4.png\" alt=\"\" class=\"wp-image-1586\" style=\"aspect-ratio:16\/9;object-fit:contain\" srcset=\"https:\/\/sueddeutschlandcup.de\/wp-content\/uploads\/2026\/01\/Folie4.png 720w, https:\/\/sueddeutschlandcup.de\/wp-content\/uploads\/2026\/01\/Folie4-300x169.png 300w\" sizes=\"(max-width: 720px) 100vw, 720px\" \/><\/figure>\n\n\n\n<div style=\"height:16px\" aria-hidden=\"true\" class=\"wp-block-spacer\"><\/div>\n\n\n\n<div class=\"wp-block-buttons is-layout-flex wp-block-buttons-is-layout-flex\">\n<div class=\"wp-block-button has-custom-width wp-block-button__width-100 is-style-default\"><a class=\"wp-block-button__link has-background wp-element-button\" style=\"background-color:#505050\">Ausschreibung<\/a><\/div>\n\n\n\n<div class=\"wp-block-button has-custom-width wp-block-button__width-100\"><a class=\"wp-block-button__link has-background wp-element-button\" style=\"background-color:#505050\">MyRCM Event\u00fcbersicht<\/a><\/div>\n\n\n\n<div class=\"wp-block-button has-custom-width wp-block-button__width-100\"><a class=\"wp-block-button__link has-background wp-element-button\" style=\"background-color:#505050\">Nennung<\/a><\/div>\n\n\n\n<div class=\"wp-block-button has-custom-width wp-block-button__width-100\"><a class=\"wp-block-button__link has-background wp-element-button\" style=\"background-color:#505050\">Nennlisten<\/a><\/div>\n\n\n\n<div class=\"wp-block-button has-custom-width wp-block-button__width-100\"><a class=\"wp-block-button__link has-background wp-element-button\" style=\"background-color:#505050\">Livestreaming Samstag<\/a><\/div>\n\n\n\n<div class=\"wp-block-button has-custom-width wp-block-button__width-100\"><a class=\"wp-block-button__link has-background wp-element-button\" style=\"background-color:#505050\">Livestreaming Sonntag<\/a><\/div>\n\n\n\n<div class=\"wp-block-button has-custom-width wp-block-button__width-100\"><a class=\"wp-block-button__link has-background wp-element-button\" style=\"background-color:#505050\">Ergebnisse<\/a><\/div>\n\n\n\n<div class=\"wp-block-button has-custom-width wp-block-button__width-100\"><a class=\"wp-block-button__link has-luminous-vivid-amber-to-luminous-vivid-orange-gradient-background has-background wp-element-button\" href=\"https:\/\/mcwelden.de\/\" target=\"_blank\" rel=\"noreferrer noopener\">Webseite des Vereins<\/a><\/div>\n\n\n\n<div class=\"wp-block-button has-custom-width wp-block-button__width-100\"><a class=\"wp-block-button__link has-luminous-vivid-amber-to-luminous-vivid-orange-gradient-background has-background wp-element-button\" href=\"https:\/\/www.google.com\/maps\/place\/MC+Welden+e.V+-+Fuchstalring+und+RUF+Arena\/@47.9429651,10.8497018,268m\/data=!3m1!1e3!4m6!3m5!1s0x479c39948e1e13b5:0x5f21b1e402ef86ac!8m2!3d47.943071!4d10.8501275!16s%2Fg%2F11hnbcy7qt?entry=ttu\" target=\"_blank\" rel=\"noreferrer noopener\">Anfahrtsbeschreibung<\/a><\/div>\n<\/div>\n\n\n\n<hr class=\"wp-block-separator has-alpha-channel-opacity\"\/>\n<\/div>\n\n\n\n<div class=\"wp-block-column is-layout-flow wp-block-column-is-layout-flow\">\n<h3 class=\"wp-block-heading\" style=\"font-size:22px\"><strong>MCC Laupheim E.V.<\/strong><\/h3>\n\n\n\n<ul class=\"wp-block-list\">\n<li>OR8 Hobby<\/li>\n\n\n\n<li>OR8 Expert<\/li>\n\n\n\n<li>ORE8<\/li>\n\n\n\n<li>ORT<\/li>\n\n\n\n<li>ORET<\/li>\n<\/ul>\n\n\n\n<figure class=\"wp-block-image size-full\"><img loading=\"lazy\" decoding=\"async\" width=\"720\" height=\"405\" src=\"https:\/\/sueddeutschlandcup.de\/wp-content\/uploads\/2026\/01\/Folie5.png\" alt=\"\" class=\"wp-image-1589\" style=\"aspect-ratio:16\/9;object-fit:contain\" srcset=\"https:\/\/sueddeutschlandcup.de\/wp-content\/uploads\/2026\/01\/Folie5.png 720w, https:\/\/sueddeutschlandcup.de\/wp-content\/uploads\/2026\/01\/Folie5-300x169.png 300w\" sizes=\"(max-width: 720px) 100vw, 720px\" \/><\/figure>\n\n\n\n<div style=\"height:16px\" aria-hidden=\"true\" class=\"wp-block-spacer\"><\/div>\n\n\n\n<div class=\"wp-block-buttons is-layout-flex wp-block-buttons-is-layout-flex\">\n<div class=\"wp-block-button has-custom-width wp-block-button__width-100\"><a class=\"wp-block-button__link has-background wp-element-button\" style=\"background-color:#505050\">Ausschreibung<\/a><\/div>\n\n\n\n<div class=\"wp-block-button has-custom-width wp-block-button__width-100\"><a class=\"wp-block-button__link has-background wp-element-button\" style=\"background-color:#505050\">MyRCM Event\u00fcbersicht<\/a><\/div>\n\n\n\n<div class=\"wp-block-button has-custom-width wp-block-button__width-100\"><a class=\"wp-block-button__link has-background wp-element-button\" style=\"background-color:#505050\">Nennung<\/a><\/div>\n\n\n\n<div class=\"wp-block-button has-custom-width wp-block-button__width-100\"><a class=\"wp-block-button__link has-background wp-element-button\" style=\"background-color:#505050\">Nennlisten<\/a><\/div>\n\n\n\n<div class=\"wp-block-button has-custom-width wp-block-button__width-100\"><a class=\"wp-block-button__link has-background wp-element-button\" style=\"background-color:#505050\">Livestreaming Samstag<\/a><\/div>\n\n\n\n<div class=\"wp-block-button has-custom-width wp-block-button__width-100\"><a class=\"wp-block-button__link has-background wp-element-button\" style=\"background-color:#505050\">Livestreaming Sonntag<\/a><\/div>\n\n\n\n<div class=\"wp-block-button has-custom-width wp-block-button__width-100\"><a class=\"wp-block-button__link has-background wp-element-button\" style=\"background-color:#505050\">Ergebnisse<\/a><\/div>\n\n\n\n<div class=\"wp-block-button has-custom-width wp-block-button__width-100\"><a class=\"wp-block-button__link has-luminous-vivid-amber-to-luminous-vivid-orange-gradient-background has-background wp-element-button\" href=\"http:\/\/www.mcc-laupheim.de\" target=\"_blank\" rel=\"noreferrer noopener\">Webseite des Vereins<\/a><\/div>\n\n\n\n<div class=\"wp-block-button has-custom-width wp-block-button__width-100\"><a class=\"wp-block-button__link has-luminous-vivid-amber-to-luminous-vivid-orange-gradient-background has-background wp-element-button\" href=\"https:\/\/www.google.de\/maps\/place\/MCC+Laupheim+-+Rennstrecke\/@48.2640255,9.9056259,17z\/data=!3m1!4b1!4m6!3m5!1s0x479bd973a0890903:0x8813e5ac353f5286!8m2!3d48.264022!4d9.9082008!16s%2Fg%2F11f9wk8k70?entry=ttu\" target=\"_blank\" rel=\"noreferrer noopener\">Anfahrtsbeschreibung<\/a><\/div>\n<\/div>\n\n\n\n<hr class=\"wp-block-separator has-alpha-channel-opacity\"\/>\n<\/div>\n\n\n\n<div class=\"wp-block-column is-layout-flow wp-block-column-is-layout-flow\">\n<h3 class=\"wp-block-heading\" style=\"font-size:22px\"><strong>MRC SENDEN<\/strong> <strong>e.V.<\/strong><\/h3>\n\n\n\n<ul class=\"wp-block-list\">\n<li>OR8 Expert<\/li>\n\n\n\n<li>OR8 Hobby<\/li>\n\n\n\n<li>ORE8<\/li>\n\n\n\n<li>ORT<\/li>\n\n\n\n<li>ORET<\/li>\n<\/ul>\n\n\n\n<figure class=\"wp-block-image size-full is-style-default\"><img loading=\"lazy\" decoding=\"async\" width=\"720\" height=\"405\" src=\"https:\/\/sueddeutschlandcup.de\/wp-content\/uploads\/2026\/01\/Folie6.png\" alt=\"\" class=\"wp-image-1591\" style=\"aspect-ratio:16\/9;object-fit:contain\" srcset=\"https:\/\/sueddeutschlandcup.de\/wp-content\/uploads\/2026\/01\/Folie6.png 720w, https:\/\/sueddeutschlandcup.de\/wp-content\/uploads\/2026\/01\/Folie6-300x169.png 300w\" sizes=\"(max-width: 720px) 100vw, 720px\" \/><\/figure>\n\n\n\n<div style=\"height:16px\" aria-hidden=\"true\" class=\"wp-block-spacer\"><\/div>\n\n\n\n<div class=\"wp-block-buttons is-layout-flex wp-block-buttons-is-layout-flex\">\n<div class=\"wp-block-button has-custom-width wp-block-button__width-100 is-style-default\"><a class=\"wp-block-button__link has-background wp-element-button\" style=\"background-color:#505050\">Ausschreibung<\/a><\/div>\n\n\n\n<div class=\"wp-block-button has-custom-width wp-block-button__width-100\"><a class=\"wp-block-button__link has-background wp-element-button\" style=\"background-color:#505050\">MyRCM Event\u00fcbersicht<\/a><\/div>\n\n\n\n<div class=\"wp-block-button has-custom-width wp-block-button__width-100\"><a class=\"wp-block-button__link has-background wp-element-button\" style=\"background-color:#505050\">Nennung<\/a><\/div>\n\n\n\n<div class=\"wp-block-button has-custom-width wp-block-button__width-100\"><a class=\"wp-block-button__link has-background wp-element-button\" style=\"background-color:#505050\">Nennlisten<\/a><\/div>\n\n\n\n<div class=\"wp-block-button has-custom-width wp-block-button__width-100\"><a class=\"wp-block-button__link has-background wp-element-button\" style=\"background-color:#505050\">Livestreaming Samstag<\/a><\/div>\n\n\n\n<div class=\"wp-block-button has-custom-width wp-block-button__width-100\"><a class=\"wp-block-button__link has-background wp-element-button\" style=\"background-color:#505050\">Livestreaming Sonntag<\/a><\/div>\n\n\n\n<div class=\"wp-block-button has-custom-width wp-block-button__width-100\"><a class=\"wp-block-button__link has-background wp-element-button\" style=\"background-color:#505050\">Ergebnisse<\/a><\/div>\n\n\n\n<div class=\"wp-block-button has-custom-width wp-block-button__width-100\"><a class=\"wp-block-button__link has-luminous-vivid-amber-to-luminous-vivid-orange-gradient-background has-background wp-element-button\" href=\"https:\/\/www.mrc-senden.de\" target=\"_blank\" rel=\"noreferrer noopener\">Webseite des Vereins<\/a><\/div>\n\n\n\n<div class=\"wp-block-button has-custom-width wp-block-button__width-100\"><a class=\"wp-block-button__link has-luminous-vivid-amber-to-luminous-vivid-orange-gradient-background has-background wp-element-button\" href=\"https:\/\/maps.app.goo.gl\/SiAuhTU82CmMzNAA6\" target=\"_blank\" rel=\"noreferrer noopener\">Anfahrtsbeschreibung<\/a><\/div>\n<\/div>\n\n\n\n<hr class=\"wp-block-separator has-alpha-channel-opacity\"\/>\n<\/div>\n<\/div>\n<\/div><\/div>\n\n\n\n<h2 class=\"wp-block-heading has-text-align-center has-nv-text-dark-bg-color has-text-color has-background has-link-color wp-elements-840f7bb5fd22dfcd5ce55aaf214e43e3\" style=\"background-color:#505050;padding-right:0;padding-left:0\">Bayrische Meisterschaft 2026<\/h2>\n\n\n\n<p>Am&nbsp;<strong>19. &amp; 20. September<\/strong>&nbsp;ist es soweit: Der MC Welden richtet gemeinsam mit Hauptsponsor&nbsp;<strong>Dirk&#8217;s RC-Modellbau<\/strong>&nbsp;die Bayrischen Meisterschaften (1\/8 Offroad) aus!<\/p>\n\n\n\n<div class=\"wp-block-columns are-vertically-aligned-center is-layout-flex wp-container-core-columns-is-layout-9d6595d7 wp-block-columns-is-layout-flex\">\n<div class=\"wp-block-column is-vertically-aligned-center is-layout-flow wp-block-column-is-layout-flow\" style=\"flex-basis:25%\">\n<figure class=\"wp-block-image size-full\"><a href=\"https:\/\/www.dirks-rc-modellbau.de\" target=\"_blank\" rel=\" noreferrer noopener\"><img loading=\"lazy\" decoding=\"async\" width=\"500\" height=\"236\" src=\"https:\/\/sueddeutschlandcup.de\/wp-content\/uploads\/2026\/01\/dirksRCModellbau_neu_500px.png\" alt=\"\" class=\"wp-image-1653\" srcset=\"https:\/\/sueddeutschlandcup.de\/wp-content\/uploads\/2026\/01\/dirksRCModellbau_neu_500px.png 500w, https:\/\/sueddeutschlandcup.de\/wp-content\/uploads\/2026\/01\/dirksRCModellbau_neu_500px-300x142.png 300w\" sizes=\"(max-width: 500px) 100vw, 500px\" \/><\/a><\/figure>\n<\/div>\n\n\n\n<div class=\"wp-block-column is-vertically-aligned-center is-layout-flow wp-block-column-is-layout-flow\" style=\"flex-basis:50%\">\n<figure class=\"wp-block-video\"><video height=\"720\" style=\"aspect-ratio: 1112 \/ 720;\" width=\"1112\" controls src=\"https:\/\/sueddeutschlandcup.de\/wp-content\/uploads\/2026\/01\/BayrischeMeisterschaftRC_2026_MCW.mp4\"><\/video><\/figure>\n<\/div>\n\n\n\n<div class=\"wp-block-column is-vertically-aligned-center is-layout-flow wp-block-column-is-layout-flow\" style=\"flex-basis:25%\">\n<figure class=\"wp-block-image size-full\"><a href=\"https:\/\/mcwelden.de\" target=\"_blank\" rel=\" noreferrer noopener\"><img loading=\"lazy\" decoding=\"async\" width=\"500\" height=\"500\" src=\"https:\/\/sueddeutschlandcup.de\/wp-content\/uploads\/2026\/01\/Fuch_MCW_grey_500px.png\" alt=\"\" class=\"wp-image-1643\" srcset=\"https:\/\/sueddeutschlandcup.de\/wp-content\/uploads\/2026\/01\/Fuch_MCW_grey_500px.png 500w, https:\/\/sueddeutschlandcup.de\/wp-content\/uploads\/2026\/01\/Fuch_MCW_grey_500px-300x300.png 300w, https:\/\/sueddeutschlandcup.de\/wp-content\/uploads\/2026\/01\/Fuch_MCW_grey_500px-150x150.png 150w\" sizes=\"(max-width: 500px) 100vw, 500px\" \/><\/a><\/figure>\n<\/div>\n<\/div>\n\n\n\n<h2 class=\"wp-block-heading has-text-align-center has-nv-text-dark-bg-color has-text-color has-background has-link-color wp-elements-fc098cfba4a1c9a677aa99ec809c2db8\" style=\"background-color:#505050;padding-right:0;padding-left:0\">Deutsche Meisterschaften 2026<\/h2>\n\n\n\n<div class=\"wp-block-group\"><div class=\"wp-block-group__inner-container is-layout-constrained wp-block-group-is-layout-constrained\">\n<div class=\"wp-block-columns is-layout-flex wp-container-core-columns-is-layout-9d6595d7 wp-block-columns-is-layout-flex\">\n<div class=\"wp-block-column is-layout-flow wp-block-column-is-layout-flow\">\n<h3 class=\"wp-block-heading\" style=\"font-size:22px\"><strong>MAC Uetersen e.V.<\/strong><\/h3>\n\n\n\n<ul class=\"wp-block-list\">\n<li><strong>ORT &amp; ORET<\/strong><\/li>\n<\/ul>\n\n\n\n<figure class=\"wp-block-image size-full is-style-default\"><img loading=\"lazy\" decoding=\"async\" width=\"720\" height=\"405\" src=\"https:\/\/sueddeutschlandcup.de\/wp-content\/uploads\/2026\/01\/DM_ORTORET_MAC-Uetersen-eV.png\" alt=\"\" class=\"wp-image-1592\" style=\"aspect-ratio:16\/9;object-fit:contain\" srcset=\"https:\/\/sueddeutschlandcup.de\/wp-content\/uploads\/2026\/01\/DM_ORTORET_MAC-Uetersen-eV.png 720w, https:\/\/sueddeutschlandcup.de\/wp-content\/uploads\/2026\/01\/DM_ORTORET_MAC-Uetersen-eV-300x169.png 300w\" sizes=\"(max-width: 720px) 100vw, 720px\" \/><\/figure>\n\n\n\n<div style=\"height:16px\" aria-hidden=\"true\" class=\"wp-block-spacer\"><\/div>\n\n\n\n<div class=\"wp-block-buttons is-layout-flex wp-block-buttons-is-layout-flex\">\n<div class=\"wp-block-button has-custom-width wp-block-button__width-100 is-style-default\"><a class=\"wp-block-button__link has-background wp-element-button\" style=\"background-color:#505050\">Ausschreibung<\/a><\/div>\n\n\n\n<div class=\"wp-block-button has-custom-width wp-block-button__width-100\"><a class=\"wp-block-button__link has-background wp-element-button\" style=\"background-color:#505050\">MyRCM Event\u00fcbersicht<\/a><\/div>\n\n\n\n<div class=\"wp-block-button has-custom-width wp-block-button__width-100\"><a class=\"wp-block-button__link has-background wp-element-button\" style=\"background-color:#505050\">Nennung<\/a><\/div>\n\n\n\n<div class=\"wp-block-button has-custom-width wp-block-button__width-100\"><a class=\"wp-block-button__link has-background wp-element-button\" style=\"background-color:#505050\">Nennlisten<\/a><\/div>\n\n\n\n<div class=\"wp-block-button has-custom-width wp-block-button__width-100\"><a class=\"wp-block-button__link has-background wp-element-button\" style=\"background-color:#505050\">Ergebnisse<\/a><\/div>\n\n\n\n<div class=\"wp-block-button has-custom-width wp-block-button__width-100\"><a class=\"wp-block-button__link has-luminous-vivid-amber-to-luminous-vivid-orange-gradient-background has-background wp-element-button\" href=\"https:\/\/macuetersen.com\" target=\"_blank\" rel=\"noreferrer noopener\">Webseite des Vereins<\/a><\/div>\n\n\n\n<div class=\"wp-block-button has-custom-width wp-block-button__width-100\"><a class=\"wp-block-button__link has-luminous-vivid-amber-to-luminous-vivid-orange-gradient-background has-background wp-element-button\" href=\"https:\/\/www.google.de\/maps\/dir\/\/MAC+Uetersen+e.V.,+Gro\u00dfe+Twiete+114,+25436+Uetersen\/@53.6762829,9.6987296,17z\/data=!4m17!1m7!3m6!1s0x47b17fc5cbe2b33d:0x6b89bf995408f7bc!2sMAC+Uetersen+e.V.!8m2!3d53.6762798!4d9.7013099!16s%2Fg%2F1hhnprync!4m8!1m0!1m5!1m1!1s0x47b17fc5cbe2b33d:0x6b89bf995408f7bc!2m2!1d9.7013099!2d53.6762798!3e0?entry=ttu&amp;g_ep=EgoyMDI2MDEyMS4wIKXMDSoASAFQAw%3D%3D\" target=\"_blank\" rel=\"noreferrer noopener\">Anfahrtsbeschreibung<\/a><\/div>\n<\/div>\n\n\n\n<hr class=\"wp-block-separator has-alpha-channel-opacity\"\/>\n<\/div>\n\n\n\n<div class=\"wp-block-column is-layout-flow wp-block-column-is-layout-flow\">\n<h3 class=\"wp-block-heading\" style=\"font-size:22px\"><strong>ESV Bischofsheim 1958 e.V.<\/strong><\/h3>\n\n\n\n<ul class=\"wp-block-list\">\n<li><strong>OR8<\/strong><\/li>\n<\/ul>\n\n\n\n<figure class=\"wp-block-image size-full\"><img loading=\"lazy\" decoding=\"async\" width=\"720\" height=\"405\" src=\"https:\/\/sueddeutschlandcup.de\/wp-content\/uploads\/2026\/01\/DM_OR8_BHH.png\" alt=\"\" class=\"wp-image-1593\" style=\"aspect-ratio:16\/9;object-fit:contain\" srcset=\"https:\/\/sueddeutschlandcup.de\/wp-content\/uploads\/2026\/01\/DM_OR8_BHH.png 720w, https:\/\/sueddeutschlandcup.de\/wp-content\/uploads\/2026\/01\/DM_OR8_BHH-300x169.png 300w\" sizes=\"(max-width: 720px) 100vw, 720px\" \/><\/figure>\n\n\n\n<div style=\"height:16px\" aria-hidden=\"true\" class=\"wp-block-spacer\"><\/div>\n\n\n\n<div class=\"wp-block-buttons is-layout-flex wp-block-buttons-is-layout-flex\">\n<div class=\"wp-block-button has-custom-width wp-block-button__width-100\"><a class=\"wp-block-button__link has-background wp-element-button\" style=\"background-color:#505050\">Ausschreibung<\/a><\/div>\n\n\n\n<div class=\"wp-block-button has-custom-width wp-block-button__width-100\"><a class=\"wp-block-button__link has-background wp-element-button\" style=\"background-color:#505050\">MyRCM Event\u00fcbertsicht<\/a><\/div>\n\n\n\n<div class=\"wp-block-button has-custom-width wp-block-button__width-100\"><a class=\"wp-block-button__link has-background wp-element-button\" style=\"background-color:#505050\">Nennung<\/a><\/div>\n\n\n\n<div class=\"wp-block-button has-custom-width wp-block-button__width-100\"><a class=\"wp-block-button__link has-background wp-element-button\" style=\"background-color:#505050\">Nennlisten<\/a><\/div>\n\n\n\n<div class=\"wp-block-button has-custom-width wp-block-button__width-100\"><a class=\"wp-block-button__link has-background wp-element-button\" style=\"background-color:#505050\">Ergebnisse<\/a><\/div>\n\n\n\n<div class=\"wp-block-button has-custom-width wp-block-button__width-100\"><a class=\"wp-block-button__link has-luminous-vivid-amber-to-luminous-vivid-orange-gradient-background has-background wp-element-button\" href=\"https:\/\/esv-bischofsheim.de\" target=\"_blank\" rel=\"noreferrer noopener\">Webseite des Vereins<\/a><\/div>\n\n\n\n<div class=\"wp-block-button has-custom-width wp-block-button__width-100\"><a class=\"wp-block-button__link has-luminous-vivid-amber-to-luminous-vivid-orange-gradient-background has-background wp-element-button\" href=\"https:\/\/www.google.de\/maps\/dir\/\/ESV+Blau-Gold+Bischofsheim+e.V,+Am+Schindberg+23,+65474+Bischofsheim\/@53.6762829,9.6987296,17z\/data=!4m9!4m8!1m0!1m5!1m1!1s0x47bd9969850e5cc9:0x48dc764d14e9ac64!2m2!1d8.3868723!2d49.977534!3e0?entry=ttu&amp;g_ep=EgoyMDI2MDEyMS4wIKXMDSoASAFQAw%3D%3D\" target=\"_blank\" rel=\"noreferrer noopener\">Anfahrtsbeschreibung<\/a><\/div>\n<\/div>\n\n\n\n<hr class=\"wp-block-separator has-alpha-channel-opacity\"\/>\n<\/div>\n\n\n\n<div class=\"wp-block-column is-layout-flow wp-block-column-is-layout-flow\">\n<h3 class=\"wp-block-heading\" style=\"font-size:22px\"><strong>RC Offroad Heiligenstadt<\/strong> <strong>e.V.<\/strong><\/h3>\n\n\n\n<ul class=\"wp-block-list\">\n<li><strong>ORE8<\/strong><\/li>\n<\/ul>\n\n\n\n<figure class=\"wp-block-image size-full\"><img loading=\"lazy\" decoding=\"async\" width=\"720\" height=\"405\" src=\"https:\/\/sueddeutschlandcup.de\/wp-content\/uploads\/2026\/01\/DM_ORE8_HIG.png\" alt=\"\" class=\"wp-image-1647\" style=\"aspect-ratio:16\/9;object-fit:contain\" srcset=\"https:\/\/sueddeutschlandcup.de\/wp-content\/uploads\/2026\/01\/DM_ORE8_HIG.png 720w, https:\/\/sueddeutschlandcup.de\/wp-content\/uploads\/2026\/01\/DM_ORE8_HIG-300x169.png 300w\" sizes=\"(max-width: 720px) 100vw, 720px\" \/><\/figure>\n\n\n\n<div style=\"height:16px\" aria-hidden=\"true\" class=\"wp-block-spacer\"><\/div>\n\n\n\n<div class=\"wp-block-buttons is-layout-flex wp-block-buttons-is-layout-flex\">\n<div class=\"wp-block-button has-custom-width wp-block-button__width-100\"><a class=\"wp-block-button__link has-background wp-element-button\" style=\"background-color:#505050\">Ausschreibung<\/a><\/div>\n\n\n\n<div class=\"wp-block-button has-custom-width wp-block-button__width-100\"><a class=\"wp-block-button__link has-background wp-element-button\" style=\"background-color:#505050\">MyRCM Event\u00fcbersicht<\/a><\/div>\n\n\n\n<div class=\"wp-block-button has-custom-width wp-block-button__width-100\"><a class=\"wp-block-button__link has-background wp-element-button\" style=\"background-color:#505050\">Nennung<\/a><\/div>\n\n\n\n<div class=\"wp-block-button has-custom-width wp-block-button__width-100\"><a class=\"wp-block-button__link has-background wp-element-button\" style=\"background-color:#505050\">Nennlisten<\/a><\/div>\n\n\n\n<div class=\"wp-block-button has-custom-width wp-block-button__width-100\"><a class=\"wp-block-button__link has-background wp-element-button\" style=\"background-color:#505050\">Ergebnisse<\/a><\/div>\n\n\n\n<div class=\"wp-block-button has-custom-width wp-block-button__width-100\"><a class=\"wp-block-button__link has-luminous-vivid-amber-to-luminous-vivid-orange-gradient-background has-background wp-element-button\" href=\"https:\/\/www.facebook.com\/profile.php?id=100063534341936\" target=\"_blank\" rel=\"noreferrer noopener\">Webseite des Vereins<\/a><\/div>\n\n\n\n<div class=\"wp-block-button has-custom-width wp-block-button__width-100\"><a class=\"wp-block-button__link has-luminous-vivid-amber-to-luminous-vivid-orange-gradient-background has-background wp-element-button\" href=\"https:\/\/www.google.de\/maps\/dir\/\/Rc+Offroad+Heiligenstadt+e.V.,+Carl-Zeiss-Stra\u00dfe,+Rc+Offroad+Heiligenstadt+e.V.,+zum+navigieren+Stecknadel+verwenden!,+37308+Heilbad+Heiligenstadt\/@53.6762829,9.6987296,17z\/data=!4m9!4m8!1m0!1m5!1m1!1s0x47a4c4e902068111:0x65816789b5719aa0!2m2!1d10.156845!2d51.387673!3e0?entry=ttu&amp;g_ep=EgoyMDI2MDEyMS4wIKXMDSoASAFQAw%3D%3D\" target=\"_blank\" rel=\"noreferrer noopener\">Anfahrtsbeschreibung<\/a><\/div>\n<\/div>\n\n\n\n<hr class=\"wp-block-separator has-alpha-channel-opacity\"\/>\n<\/div>\n<\/div>\n<\/div><\/div>\n\n\n\n<h2 class=\"wp-block-heading has-text-align-center has-nv-text-dark-bg-color has-text-color has-background has-link-color wp-elements-0b94a61e6493c9ac0a1fc918ef5c580e\" style=\"background-color:#505050;padding-right:0;padding-left:0\">Weitere Vereine in S\u00fcddeutschland<\/h2>\n\n\n\n<div style=\"height:6px\" aria-hidden=\"true\" class=\"wp-block-spacer\"><\/div>\n\n\n\n<div class=\"wp-block-columns is-layout-flex wp-container-core-columns-is-layout-9d6595d7 wp-block-columns-is-layout-flex\">\n<div class=\"wp-block-column is-layout-flow wp-block-column-is-layout-flow\">\n<h3 class=\"wp-block-heading\" style=\"font-size:22px\"><strong>RGMC Teck e.V.&nbsp;<\/strong><\/h3>\n\n\n\n<figure class=\"wp-block-image size-full\"><img loading=\"lazy\" decoding=\"async\" width=\"1018\" height=\"763\" src=\"https:\/\/sueddeutschlandcup.de\/wp-content\/uploads\/2025\/06\/rgmc.png\" alt=\"\" class=\"wp-image-1347\" style=\"aspect-ratio:16\/9;object-fit:cover\" srcset=\"https:\/\/sueddeutschlandcup.de\/wp-content\/uploads\/2025\/06\/rgmc.png 1018w, https:\/\/sueddeutschlandcup.de\/wp-content\/uploads\/2025\/06\/rgmc-300x225.png 300w, https:\/\/sueddeutschlandcup.de\/wp-content\/uploads\/2025\/06\/rgmc-768x576.png 768w\" sizes=\"(max-width: 1018px) 100vw, 1018px\" \/><\/figure>\n\n\n\n<div style=\"height:16px\" aria-hidden=\"true\" class=\"wp-block-spacer\"><\/div>\n\n\n\n<div class=\"wp-block-buttons is-layout-flex wp-block-buttons-is-layout-flex\">\n<div class=\"wp-block-button has-custom-width wp-block-button__width-100\"><a class=\"wp-block-button__link has-luminous-vivid-amber-to-luminous-vivid-orange-gradient-background has-background wp-element-button\" href=\"https:\/\/www.rgmc-teck.de\" target=\"_blank\" rel=\"noreferrer noopener\">Webseite des Vereins<\/a><\/div>\n\n\n\n<div class=\"wp-block-button has-custom-width wp-block-button__width-100\"><a class=\"wp-block-button__link has-luminous-vivid-amber-to-luminous-vivid-orange-gradient-background has-background wp-element-button\" href=\"https:\/\/www.google.com\/maps\/place\/48\u00b037'33.1%22N+9\u00b031'04.0%22E\/@48.625846,9.517765,1221m\/data=!3m1!1e3!4m4!3m3!8m2!3d48.625846!4d9.517765?hl=de-DE&amp;entry=ttu&amp;g_ep=EgoyMDI1MDYxMS4wIKXMDSoASAFQAw%3D%3D\" target=\"_blank\" rel=\"noreferrer noopener\">Anfahrtsbeschreibung<\/a><\/div>\n<\/div>\n\n\n\n<hr class=\"wp-block-separator has-alpha-channel-opacity\"\/>\n<\/div>\n\n\n\n<div class=\"wp-block-column is-layout-flow wp-block-column-is-layout-flow\">\n<h3 class=\"wp-block-heading\" style=\"font-size:22px\"><strong>MCC NUFRINGEN E.V.<\/strong><\/h3>\n\n\n\n<figure class=\"wp-block-image size-full\"><img loading=\"lazy\" decoding=\"async\" width=\"2560\" height=\"1440\" src=\"https:\/\/sueddeutschlandcup.de\/wp-content\/uploads\/2024\/11\/nuf_clean.png\" alt=\"\" class=\"wp-image-1133\" style=\"aspect-ratio:16\/9;object-fit:contain\" srcset=\"https:\/\/sueddeutschlandcup.de\/wp-content\/uploads\/2024\/11\/nuf_clean.png 2560w, https:\/\/sueddeutschlandcup.de\/wp-content\/uploads\/2024\/11\/nuf_clean-300x169.png 300w, https:\/\/sueddeutschlandcup.de\/wp-content\/uploads\/2024\/11\/nuf_clean-1024x576.png 1024w, https:\/\/sueddeutschlandcup.de\/wp-content\/uploads\/2024\/11\/nuf_clean-768x432.png 768w, https:\/\/sueddeutschlandcup.de\/wp-content\/uploads\/2024\/11\/nuf_clean-1536x864.png 1536w, https:\/\/sueddeutschlandcup.de\/wp-content\/uploads\/2024\/11\/nuf_clean-2048x1152.png 2048w\" sizes=\"(max-width: 2560px) 100vw, 2560px\" \/><\/figure>\n\n\n\n<div style=\"height:16px\" aria-hidden=\"true\" class=\"wp-block-spacer\"><\/div>\n\n\n\n<div class=\"wp-block-buttons is-layout-flex wp-block-buttons-is-layout-flex\">\n<div class=\"wp-block-button has-custom-width wp-block-button__width-100\"><a class=\"wp-block-button__link has-luminous-vivid-amber-to-luminous-vivid-orange-gradient-background has-background wp-element-button\" href=\"https:\/\/mcc-nufringen.de\/\" target=\"_blank\" rel=\"noreferrer noopener\">Webseite des Vereins<\/a><\/div>\n\n\n\n<div class=\"wp-block-button has-custom-width wp-block-button__width-100\"><a class=\"wp-block-button__link has-luminous-vivid-amber-to-luminous-vivid-orange-gradient-background has-background wp-element-button\" href=\"https:\/\/www.google.com\/maps\/place\/Mini+Car+Club+Nufringen\/@48.6209138,8.9073877,17z\/data=!3m1!4b1!4m20!1m13!4m12!1m4!2m2!1d10.9594819!2d48.0048531!4e1!1m6!1m2!1s0x47975f4ea7515b63:0x43d0408aed233b7!2smcc+nufringen!2m2!1d8.9099626!2d48.6209103!3m5!1s0x47975f4ea7515b63:0x43d0408aed233b7!8m2!3d48.6209103!4d8.9099626!16s%2Fg%2F11c18jt4l4?entry=ttu\" target=\"_blank\" rel=\"noreferrer noopener\">Anfahrtsbeschreibung<\/a><\/div>\n<\/div>\n\n\n\n<hr class=\"wp-block-separator has-alpha-channel-opacity\"\/>\n<\/div>\n\n\n\n<div class=\"wp-block-column is-layout-flow wp-block-column-is-layout-flow\">\n<h3 class=\"wp-block-heading\" style=\"font-size:22px\"><strong>RC Freunde Kinzigtal e.V.<\/strong><\/h3>\n\n\n\n<figure class=\"wp-block-image size-full is-style-default\"><img loading=\"lazy\" decoding=\"async\" width=\"2560\" height=\"1440\" src=\"https:\/\/sueddeutschlandcup.de\/wp-content\/uploads\/2024\/11\/kinzig_clean.png\" alt=\"\" class=\"wp-image-1136\" style=\"aspect-ratio:16\/9;object-fit:contain\" srcset=\"https:\/\/sueddeutschlandcup.de\/wp-content\/uploads\/2024\/11\/kinzig_clean.png 2560w, https:\/\/sueddeutschlandcup.de\/wp-content\/uploads\/2024\/11\/kinzig_clean-300x169.png 300w, https:\/\/sueddeutschlandcup.de\/wp-content\/uploads\/2024\/11\/kinzig_clean-1024x576.png 1024w, https:\/\/sueddeutschlandcup.de\/wp-content\/uploads\/2024\/11\/kinzig_clean-768x432.png 768w, https:\/\/sueddeutschlandcup.de\/wp-content\/uploads\/2024\/11\/kinzig_clean-1536x864.png 1536w, https:\/\/sueddeutschlandcup.de\/wp-content\/uploads\/2024\/11\/kinzig_clean-2048x1152.png 2048w\" sizes=\"(max-width: 2560px) 100vw, 2560px\" \/><\/figure>\n\n\n\n<div style=\"height:16px\" aria-hidden=\"true\" class=\"wp-block-spacer\"><\/div>\n\n\n\n<div class=\"wp-block-buttons is-layout-flex wp-block-buttons-is-layout-flex\">\n<div class=\"wp-block-button has-custom-width wp-block-button__width-100\"><a class=\"wp-block-button__link has-luminous-vivid-amber-to-luminous-vivid-orange-gradient-background has-background wp-element-button\" href=\"https:\/\/rc-freunde.chayns.site\" target=\"_blank\" rel=\"noreferrer noopener\">Webseite des Vereins<\/a><\/div>\n\n\n\n<div class=\"wp-block-button has-custom-width wp-block-button__width-100\"><a class=\"wp-block-button__link has-luminous-vivid-amber-to-luminous-vivid-orange-gradient-background has-background wp-element-button\" href=\"https:\/\/www.google.de\/maps\/place\/Vereinsgel\u00e4nde+RC+Freunde+Kinzigtal+e.V.\/@48.2584183,8.2059662,17z\/data=!3m1!4b1!4m6!3m5!1s0x4790db8fd8b21bff:0x199b3eebd3825f14!8m2!3d48.2584148!4d8.2085411!16s%2Fg%2F11nn0hbhgr?entry=ttu\" target=\"_blank\" rel=\"noreferrer noopener\">Anfahrtsbeschreibung<\/a><\/div>\n<\/div>\n\n\n\n<hr class=\"wp-block-separator has-alpha-channel-opacity\"\/>\n<\/div>\n<\/div>\n\n\n\n<div class=\"wp-block-columns is-layout-flex wp-container-core-columns-is-layout-9d6595d7 wp-block-columns-is-layout-flex\">\n<div class=\"wp-block-column is-layout-flow wp-block-column-is-layout-flow\">\n<h3 class=\"wp-block-heading\" style=\"font-size:22px\"><strong>3sesselracer Lackenh\u00e4user<\/strong><\/h3>\n\n\n\n<div style=\"height:36px\" aria-hidden=\"true\" class=\"wp-block-spacer\"><\/div>\n\n\n\n<figure class=\"wp-block-image size-full\"><img loading=\"lazy\" decoding=\"async\" width=\"720\" height=\"405\" src=\"https:\/\/sueddeutschlandcup.de\/wp-content\/uploads\/2026\/01\/3Sesselracer.png\" alt=\"\" class=\"wp-image-1603\" style=\"aspect-ratio:16\/9;object-fit:contain\" srcset=\"https:\/\/sueddeutschlandcup.de\/wp-content\/uploads\/2026\/01\/3Sesselracer.png 720w, https:\/\/sueddeutschlandcup.de\/wp-content\/uploads\/2026\/01\/3Sesselracer-300x169.png 300w\" sizes=\"(max-width: 720px) 100vw, 720px\" \/><\/figure>\n\n\n\n<div style=\"height:10px\" aria-hidden=\"true\" class=\"wp-block-spacer\"><\/div>\n\n\n\n<div class=\"wp-block-buttons is-layout-flex wp-block-buttons-is-layout-flex\">\n<div class=\"wp-block-button has-custom-width wp-block-button__width-100\"><a class=\"wp-block-button__link has-luminous-vivid-amber-to-luminous-vivid-orange-gradient-background has-background wp-element-button\" href=\"https:\/\/www.facebook.com\/profile.php?id=61562020026588\" target=\"_blank\" rel=\"noreferrer noopener\">Webseite des Vereins<\/a><\/div>\n\n\n\n<div class=\"wp-block-button has-custom-width wp-block-button__width-100\"><a class=\"wp-block-button__link has-luminous-vivid-amber-to-luminous-vivid-orange-gradient-background has-background wp-element-button\" href=\"https:\/\/www.google.com\/maps\/place\/Klafferstra\u00df+77,+94089+Neureichenau\/@48.7360639,13.7952927,17z\/data=!3m1!4b1!4m6!3m5!1s0x4774911ad1788cdd:0x1836a69e47f92324!8m2!3d48.7360639!4d13.7978676!16s%2Fg%2F11vc1f3hpt?hl=de&amp;entry=ttu&amp;g_ep=EgoyMDI0MTAxNS4wIKXMDSoASAFQAw%3D%3D\" target=\"_blank\" rel=\"noreferrer noopener\">Anfahrtsbeschreibung<\/a><\/div>\n<\/div>\n\n\n\n<hr class=\"wp-block-separator has-alpha-channel-opacity\"\/>\n<\/div>\n\n\n\n<div class=\"wp-block-column is-layout-flow wp-block-column-is-layout-flow\">\n<h3 class=\"wp-block-heading\" style=\"font-size:22px\"><strong>Buggyclub Mitterkreith<\/strong><\/h3>\n\n\n\n<div style=\"height:36px\" aria-hidden=\"true\" class=\"wp-block-spacer\"><\/div>\n\n\n\n<figure class=\"wp-block-image size-full\"><img loading=\"lazy\" decoding=\"async\" width=\"720\" height=\"405\" src=\"https:\/\/sueddeutschlandcup.de\/wp-content\/uploads\/2026\/01\/BC_Mitterkreith.png\" alt=\"\" class=\"wp-image-1604\" style=\"aspect-ratio:16\/9;object-fit:contain\" srcset=\"https:\/\/sueddeutschlandcup.de\/wp-content\/uploads\/2026\/01\/BC_Mitterkreith.png 720w, https:\/\/sueddeutschlandcup.de\/wp-content\/uploads\/2026\/01\/BC_Mitterkreith-300x169.png 300w\" sizes=\"(max-width: 720px) 100vw, 720px\" \/><\/figure>\n\n\n\n<div style=\"height:10px\" aria-hidden=\"true\" class=\"wp-block-spacer\"><\/div>\n\n\n\n<div class=\"wp-block-buttons is-layout-flex wp-block-buttons-is-layout-flex\">\n<div class=\"wp-block-button has-custom-width wp-block-button__width-100\"><a class=\"wp-block-button__link has-luminous-vivid-amber-to-luminous-vivid-orange-gradient-background has-background wp-element-button\" href=\"https:\/\/bc-mitterkreith.de\" target=\"_blank\" rel=\"noreferrer noopener\">Webseite des Vereins<\/a><\/div>\n\n\n\n<div class=\"wp-block-button has-custom-width wp-block-button__width-100\"><a class=\"wp-block-button__link has-luminous-vivid-amber-to-luminous-vivid-orange-gradient-background has-background wp-element-button\" href=\"https:\/\/www.google.de\/maps\/dir\/\/Buggyclub+Mitterkreith,+Weiherhausweg+44,+93426+Roding\/@49.2114991,12.490464,17z\/data=!4m17!1m7!3m6!1s0x479ffce4325b9465:0x17f604097d354c61!2sBuggyclub+Mitterkreith!8m2!3d49.2114956!4d12.4930443!16s%2Fg%2F11c2pgc2y7!4m8!1m0!1m5!1m1!1s0x479ffce4325b9465:0x17f604097d354c61!2m2!1d12.4930443!2d49.2114956!3e0?entry=ttu&amp;g_ep=EgoyMDI2MDEyMS4wIKXMDSoASAFQAw%3D%3D\" target=\"_blank\" rel=\"noreferrer noopener\">Anfahrtsbeschreibung<\/a><\/div>\n<\/div>\n\n\n\n<hr class=\"wp-block-separator has-alpha-channel-opacity\"\/>\n<\/div>\n\n\n\n<div class=\"wp-block-column is-layout-flow wp-block-column-is-layout-flow\">\n<h3 class=\"wp-block-heading\" style=\"font-size:22px\"><strong>RC Modellbaufreunde e.V<\/strong> &#8211; <strong>Flughafen M\u00fcnchen<\/strong><\/h3>\n\n\n\n<figure class=\"wp-block-image size-full\"><img loading=\"lazy\" decoding=\"async\" width=\"720\" height=\"405\" src=\"https:\/\/sueddeutschlandcup.de\/wp-content\/uploads\/2026\/01\/RC_Modellbaufreunde_Freising.png\" alt=\"\" class=\"wp-image-1606\" style=\"aspect-ratio:16\/9;object-fit:contain\" srcset=\"https:\/\/sueddeutschlandcup.de\/wp-content\/uploads\/2026\/01\/RC_Modellbaufreunde_Freising.png 720w, https:\/\/sueddeutschlandcup.de\/wp-content\/uploads\/2026\/01\/RC_Modellbaufreunde_Freising-300x169.png 300w\" sizes=\"(max-width: 720px) 100vw, 720px\" \/><\/figure>\n\n\n\n<div style=\"height:16px\" aria-hidden=\"true\" class=\"wp-block-spacer\"><\/div>\n\n\n\n<div class=\"wp-block-buttons is-layout-flex wp-block-buttons-is-layout-flex\">\n<div class=\"wp-block-button has-custom-width wp-block-button__width-100\"><a class=\"wp-block-button__link has-luminous-vivid-amber-to-luminous-vivid-orange-gradient-background has-background wp-element-button\" href=\"https:\/\/rc-modellbaufreunde.de\" target=\"_blank\" rel=\"noreferrer noopener\">Webseite des Vereins<\/a><\/div>\n\n\n\n<div class=\"wp-block-button has-custom-width wp-block-button__width-100\"><a class=\"wp-block-button__link has-luminous-vivid-amber-to-luminous-vivid-orange-gradient-background has-background wp-element-button\" href=\"https:\/\/www.google.de\/maps\/dir\/\/RC+Modellbaufreunde+im+MSC+Freisinger+B\u00e4r,+Nordallee+44,+85356+M\u00fcnchen-Flughafen\/@48.3582703,11.7482729,17z\/data=!4m8!4m7!1m0!1m5!1m1!1s0x479e135600cee2b9:0xc4d03c9b2e72c840!2m2!1d11.7530365!2d48.3582703?entry=ttu&amp;g_ep=EgoyMDI2MDEyMS4wIKXMDSoASAFQAw%3D%3D\" target=\"_blank\" rel=\"noreferrer noopener\">Anfahrtsbeschreibung<\/a><\/div>\n<\/div>\n\n\n\n<hr class=\"wp-block-separator has-alpha-channel-opacity\"\/>\n<\/div>\n<\/div>\n\n\n\n<div class=\"wp-block-columns is-layout-flex wp-container-core-columns-is-layout-9d6595d7 wp-block-columns-is-layout-flex\">\n<div class=\"wp-block-column is-layout-flow wp-block-column-is-layout-flow\">\n<h3 class=\"wp-block-heading\" style=\"font-size:22px\"><strong>MRC Weiden e.V.<\/strong><\/h3>\n\n\n\n<div style=\"height:36px\" aria-hidden=\"true\" class=\"wp-block-spacer\"><\/div>\n\n\n\n<figure class=\"wp-block-image size-full\"><img loading=\"lazy\" decoding=\"async\" width=\"720\" height=\"405\" src=\"https:\/\/sueddeutschlandcup.de\/wp-content\/uploads\/2026\/02\/MRC_Weiden_eV.png\" alt=\"\" class=\"wp-image-1662\" style=\"aspect-ratio:16\/9;object-fit:contain\" srcset=\"https:\/\/sueddeutschlandcup.de\/wp-content\/uploads\/2026\/02\/MRC_Weiden_eV.png 720w, https:\/\/sueddeutschlandcup.de\/wp-content\/uploads\/2026\/02\/MRC_Weiden_eV-300x169.png 300w\" sizes=\"(max-width: 720px) 100vw, 720px\" \/><\/figure>\n\n\n\n<div style=\"height:10px\" aria-hidden=\"true\" class=\"wp-block-spacer\"><\/div>\n\n\n\n<div class=\"wp-block-buttons is-layout-flex wp-block-buttons-is-layout-flex\">\n<div class=\"wp-block-button has-custom-width wp-block-button__width-100\"><a class=\"wp-block-button__link has-luminous-vivid-amber-to-luminous-vivid-orange-gradient-background has-background wp-element-button\" href=\"https:\/\/mrc-weiden.de\" target=\"_blank\" rel=\"noreferrer noopener\">Webseite des Vereins<\/a><\/div>\n\n\n\n<div class=\"wp-block-button has-custom-width wp-block-button__width-100\"><a class=\"wp-block-button__link has-luminous-vivid-amber-to-luminous-vivid-orange-gradient-background has-background wp-element-button\" href=\"https:\/\/www.google.de\/maps\/dir\/\/MRC+Weiden+e.V,+Mallersrichter+Stra\u00dfe,+92637+Weiden+in+der+Oberpfalz\/@49.6457432,12.1188808,17z\/data=!4m16!1m7!3m6!1s0x47a03ae39832873f:0xb6e340a1514cd7cb!2sMRC+Weiden+e.V!8m2!3d49.6457398!4d12.1214611!16s%2Fg%2F11b6dq7tt8!4m7!1m0!1m5!1m1!1s0x47a03ae39832873f:0xb6e340a1514cd7cb!2m2!1d12.1214611!2d49.6457398?entry=ttu&amp;g_ep=EgoyMDI2MDEyOC4wIKXMDSoASAFQAw%3D%3D\" target=\"_blank\" rel=\"noreferrer noopener\">Anfahrtsbeschreibung<\/a><\/div>\n<\/div>\n\n\n\n<hr class=\"wp-block-separator has-alpha-channel-opacity\"\/>\n<\/div>\n\n\n\n<div class=\"wp-block-column is-layout-flow wp-block-column-is-layout-flow\">\n<h3 class=\"wp-block-heading\" style=\"font-size:22px\"><strong>ORMCC Kempten e.V.<\/strong><\/h3>\n\n\n\n<div style=\"height:36px\" aria-hidden=\"true\" class=\"wp-block-spacer\"><\/div>\n\n\n\n<figure class=\"wp-block-image size-full\"><img loading=\"lazy\" decoding=\"async\" width=\"720\" height=\"405\" src=\"https:\/\/sueddeutschlandcup.de\/wp-content\/uploads\/2026\/02\/ORMCC_Kempten.png\" alt=\"\" class=\"wp-image-1663\" style=\"aspect-ratio:16\/9;object-fit:contain\" srcset=\"https:\/\/sueddeutschlandcup.de\/wp-content\/uploads\/2026\/02\/ORMCC_Kempten.png 720w, https:\/\/sueddeutschlandcup.de\/wp-content\/uploads\/2026\/02\/ORMCC_Kempten-300x169.png 300w\" sizes=\"(max-width: 720px) 100vw, 720px\" \/><\/figure>\n\n\n\n<div style=\"height:10px\" aria-hidden=\"true\" class=\"wp-block-spacer\"><\/div>\n\n\n\n<div class=\"wp-block-buttons is-layout-flex wp-block-buttons-is-layout-flex\">\n<div class=\"wp-block-button has-custom-width wp-block-button__width-100\"><a class=\"wp-block-button__link has-luminous-vivid-amber-to-luminous-vivid-orange-gradient-background has-background wp-element-button\" href=\"https:\/\/www.ormcc.de\" target=\"_blank\" rel=\"noreferrer noopener\">Webseite des Vereins<\/a><\/div>\n\n\n\n<div class=\"wp-block-button has-custom-width wp-block-button__width-100\"><a class=\"wp-block-button__link has-luminous-vivid-amber-to-luminous-vivid-orange-gradient-background has-background wp-element-button\" href=\"https:\/\/www.google.de\/maps\/dir\/\/Offroad+Mincar+Club+Kempten+Vereinsgel\u00e4nde,+Im+Seggers,+87435+Kempten+(Allg\u00e4u)\/@47.7404557,10.3155993,17z\/data=!4m16!1m7!3m6!1s0x479c797887203d5f:0xd0a1bfa724cd5480!2sOffroad+Mincar+Club+Kempten+Vereinsgel\u00e4nde!8m2!3d47.7404521!4d10.3181796!16s%2Fg%2F11gj2g7yht!4m7!1m0!1m5!1m1!1s0x479c797887203d5f:0xd0a1bfa724cd5480!2m2!1d10.3181796!2d47.7404521?entry=ttu&amp;g_ep=EgoyMDI2MDEyOC4wIKXMDSoASAFQAw%3D%3D\" target=\"_blank\" rel=\"noreferrer noopener\">Anfahrtsbeschreibung<\/a><\/div>\n<\/div>\n\n\n\n<hr class=\"wp-block-separator has-alpha-channel-opacity\"\/>\n<\/div>\n\n\n\n<div class=\"wp-block-column is-layout-flow wp-block-column-is-layout-flow\">\n<h3 class=\"wp-block-heading\" style=\"font-size:22px\"><strong>MSV Stotzingen e.V.<\/strong><\/h3>\n\n\n\n<div style=\"height:36px\" aria-hidden=\"true\" class=\"wp-block-spacer\"><\/div>\n\n\n\n<figure class=\"wp-block-image size-full\"><img loading=\"lazy\" decoding=\"async\" width=\"720\" height=\"405\" src=\"https:\/\/sueddeutschlandcup.de\/wp-content\/uploads\/2026\/03\/stotzingen.png\" alt=\"\" class=\"wp-image-1711\" style=\"aspect-ratio:16\/9;object-fit:contain\" srcset=\"https:\/\/sueddeutschlandcup.de\/wp-content\/uploads\/2026\/03\/stotzingen.png 720w, https:\/\/sueddeutschlandcup.de\/wp-content\/uploads\/2026\/03\/stotzingen-300x169.png 300w\" sizes=\"(max-width: 720px) 100vw, 720px\" \/><\/figure>\n\n\n\n<div style=\"height:10px\" aria-hidden=\"true\" class=\"wp-block-spacer\"><\/div>\n\n\n\n<div class=\"wp-block-buttons is-layout-flex wp-block-buttons-is-layout-flex\">\n<div class=\"wp-block-button has-custom-width wp-block-button__width-100\"><a class=\"wp-block-button__link has-luminous-vivid-amber-to-luminous-vivid-orange-gradient-background has-background wp-element-button\" href=\"https:\/\/modellsportverein-stotzingen-e-v.jimdosite.com\" target=\"_blank\" rel=\"noreferrer noopener\">Webseite des Vereins<\/a><\/div>\n\n\n\n<div class=\"wp-block-button has-custom-width wp-block-button__width-100\"><a class=\"wp-block-button__link has-luminous-vivid-amber-to-luminous-vivid-orange-gradient-background has-background wp-element-button\" href=\"https:\/\/www.google.com\/maps\/dir\/\/48.5360278,10.2066944\/@48.5360278,10.2041141,1032m\/data=!3m1!1e3!4m6!1m5!3m4!2zNDjCsDMyJzA5LjciTiAxMMKwMTInMjQuMSJF!8m2!3d48.5360278!4d10.2066944!5m1!1e4?entry=ttu&amp;g_ep=EgoyMDI2MDMyNC4wIKXMDSoASAFQAw%3D%3D\" target=\"_blank\" rel=\"noreferrer noopener\">Anfahrtsbeschreibung<\/a><\/div>\n<\/div>\n\n\n\n<hr class=\"wp-block-separator has-alpha-channel-opacity\"\/>\n<\/div>\n<\/div>\n\n\n\n<div id=\"makeiteasy-back-to-top\" data-smooth-scroll=\"true\" data-enable-on-desktop=\"true\" data-break-point-mobile-desktop=\"768\" data-go-to-bottom=\"false\" style=\"--makeiteasy-back-to-top-opacity:0.25;--makeiteasy-back-to-top-visibility-transition-duration:0.3s;--makeiteasy-back-to-top-right:30px;--makeiteasy-back-to-top-bottom:30px\" class=\"wp-block-makeiteasy-back-to-top aligncenter\">\n<div class=\"wp-block-button has-custom-width wp-block-button__width-100\"><a class=\"wp-block-button__link has-text-align-center wp-element-button\" style=\"border-radius:9px;padding-top:12px;padding-right:12px;padding-bottom:12px;padding-left:12px\"><img decoding=\"async\" style=\"\" src=\"data:image\/svg+xml;base64,PHN2ZyB3aWR0aD0iMjQiIGhlaWdodD0iMjQiIHZlcnNpb249IjEuMSIgdmlld0JveD0iMCA5NiA0ODAgMjgzIiB4bWxucz0iaHR0cDovL3d3dy53My5vcmcvMjAwMC9zdmciPjxwYXRoIGQ9Im00MyAzNzktNDMtNDMgMjQwLTI0MCAyNDAgMjQwLTQzIDQzLTE5Ny0xOTd6IiBmaWxsPSIjZmZmIi8+PC9zdmc+Cg==\" alt=\"nach oben\"><\/a><\/div>\n<\/div>\n\n\n\n<p><\/p>\n","protected":false},"excerpt":{"rendered":"<p>Auf diesen Seiten findet Ihr alle Informationen zum Buggy &amp; Truggy Off-Road Verbrenner- und Elektroautomobilrennsport S\u00fcddeutschland, im Ma\u00dfstab 1:8. \u00dcber die SK L\u00e4ufe (SK = Sportkreismeisterschaft) bekommst Du die Zulassung zur DM (Deutschen Meisterschaft). \u00dcber diese gelangst Du zur Euro (Europameisterschaft) und dar\u00fcber zur WM (Weltmeisterschaft). Weitere Abk\u00fcrzungen: OR8 = Buggy Off Road 1:8 \/&hellip;&nbsp;<a href=\"https:\/\/sueddeutschlandcup.de\/\" rel=\"bookmark\">Weiterlesen &raquo;<span class=\"screen-reader-text\">Willkommen zum S\u00fcddeutschland-Cup 2026!<\/span><\/a><\/p>\n","protected":false},"author":2,"featured_media":0,"parent":0,"menu_order":0,"comment_status":"closed","ping_status":"closed","template":"","meta":{"neve_meta_sidebar":"","neve_meta_container":"","neve_meta_enable_content_width":"","neve_meta_content_width":0,"neve_meta_title_alignment":"center","neve_meta_author_avatar":"","neve_post_elements_order":"","neve_meta_disable_header":"","neve_meta_disable_footer":"","neve_meta_disable_title":"off","_themeisle_gutenberg_block_has_review":false,"footnotes":""},"class_list":["post-527","page","type-page","status-publish","hentry"],"_links":{"self":[{"href":"https:\/\/sueddeutschlandcup.de\/index.php\/wp-json\/wp\/v2\/pages\/527","targetHints":{"allow":["GET"]}}],"collection":[{"href":"https:\/\/sueddeutschlandcup.de\/index.php\/wp-json\/wp\/v2\/pages"}],"about":[{"href":"https:\/\/sueddeutschlandcup.de\/index.php\/wp-json\/wp\/v2\/types\/page"}],"author":[{"embeddable":true,"href":"https:\/\/sueddeutschlandcup.de\/index.php\/wp-json\/wp\/v2\/users\/2"}],"replies":[{"embeddable":true,"href":"https:\/\/sueddeutschlandcup.de\/index.php\/wp-json\/wp\/v2\/comments?post=527"}],"version-history":[{"count":259,"href":"https:\/\/sueddeutschlandcup.de\/index.php\/wp-json\/wp\/v2\/pages\/527\/revisions"}],"predecessor-version":[{"id":1769,"href":"https:\/\/sueddeutschlandcup.de\/index.php\/wp-json\/wp\/v2\/pages\/527\/revisions\/1769"}],"wp:attachment":[{"href":"https:\/\/sueddeutschlandcup.de\/index.php\/wp-json\/wp\/v2\/media?parent=527"}],"curies":[{"name":"wp","href":"https:\/\/api.w.org\/{rel}","templated":true}]}}